{"id":37,"date":"2021-09-10T11:27:46","date_gmt":"2021-09-10T09:27:46","guid":{"rendered":"https:\/\/ensigndev.no\/jatunbakken\/?page_id=37"},"modified":"2025-01-14T13:01:50","modified_gmt":"2025-01-14T12:01:50","slug":"om-prosjektet-2","status":"publish","type":"page","link":"https:\/\/jatunbakken.no\/rekkehus\/om-prosjektet-2\/","title":{"rendered":"Om prosjektet"},"content":{"rendered":"\n<div class=\"wp-block-group pt-4 caption-has-transparent-bg\"><div class=\"wp-block-group__inner-container is-layout-constrained wp-block-group-is-layout-constrained\">\n<section class=\"o-block-custom-video-bg\">\n\t<div id=\"video-container\">\n\t<video autoplay loop id=\"video-background\" muted poster=\"https:\/\/jatunbakken.no\/rekkehus\/wp-content\/uploads\/2024\/03\/e049e_ensign_jatunbakken4_3rd_building_EXT01__web.jpg\" playsinline>\n\t\t<source src=\"\" type='video\/mp4'>\n\t<\/video>\n\t\t<div class=\"content d-none d-sm-block text-center\">\n\t\t<h2 class=\"sliced\"> <span class=\"standOut\">Bo \u00f8verst <\/span>i en ny bydel<span class=\"standOut\"> med egenart og liv<\/span> <\/h2>\n\t<\/div>\n\t<\/div>\n<\/section> \n\n\n\n\n<div class=\"bottom-content\">\n  <p class=\"threed-disclaimer\">3D-illustrasjonen kan vise elementer og materialer som ikke er en del av standardleveransen. Avvik kan forekomme i fasadeuttrykk og uteomr\u00e5de, se egen utomhusplan.<\/p>\n<\/div>\n<\/div><\/div>\n\n\n\n<div class=\"wp-block-group has-background\" style=\"background-color:#ebe2d4\"><div class=\"wp-block-group__inner-container is-layout-constrained wp-block-group-is-layout-constrained\">\n<section class=\"pad-up pad-down\">\n\t<div class=\"container\">\n\t\t<div class=\"row align-items-center\">\n\t\t\t<div class=\"col-sm-5\">\n\t\t\t\t<div class=\"arkitekt-pic\">\n\t\t\t\t\t<img decoding=\"async\" src=\"https:\/\/jatunbakken.no\/rekkehus\/wp-content\/uploads\/2024\/02\/Topic-Architecture-1-scaled.jpg\" class=\"img-fluid rounded-circle\" alt=\"\">\n\t\t\t\t<\/div>\n\t\t\t<\/div>\n\t\t\t<div class=\"col-sm-7\">\n\t\t\t\t<div class=\"uttalelse-content-wrapper\">\n\t\t\t\t\t\t\t<blockquote class=\"blockquote\">\n\t\t\t\t\t\t\t<h3>&ldquo;\u2013 J\u00e5tunbakken gir plass til felleskap og mangfold.&rdquo;<\/h3>\n\t\t\t\t\t\t\t<div id=\"interview1\" class=\"full-statement\">\n\t\t\t\t\t\t\t <p>Som arkitektkontor har vi v\u00e6rt s\u00e5 heldige \u00e5 f\u00e5 v\u00e6re med p\u00e5 prosessen helt siden reguleringsfasen, og har f\u00e5tt p\u00e5virke hovedgrepene i prosjektet i stor grad. J\u00e5tunbakken har en unik beliggenhet i overgangen mellom by og land, med et vernet kulturlandskap og den gamle g\u00e5rden i Skogsbakken som n\u00e6rmeste naboer. Prosjektet er utformet som et tun, med bygninger i ulike st\u00f8rrelser, som omkranser et stort, felles g\u00e5rdsrom. Det solrike g\u00e5rdsrommet opparbeides med frukttr\u00e6r, ulike spiselige planter og muligheter for urban dyrking. Dette som en henvisning til stedets historie som et tidligere jordbruksomr\u00e5de. Leilighetsbygningene er plassert i s\u00f8r med kort vei til \u00abbyen\u00bb \u2013 J\u00e5tt\u00e5v\u00e5gen, mens rekkehusene, med deres karakteristiske saltak, gir en kledelig overgang mot det tilliggende kulturlandskapet.<\/p>\n\t\t\t\t\t\t\t<\/div>\n\t\t\t\t\t\t\t<footer class=\"blockquote-footer\"><strong>Topic Architecture<\/strong><br> <cite title=\"Source Title\">Arkitekter<\/cite><\/footer>\n\t\t\t\t\t\t\t<\/blockquote>\n\t\t\t\t\t\t\t<button id=\"button1\" class=\"link align-items-center\">\n\t\t\t\t\t\t\t\t<span id=\"vismer1\" class=\"vis-mer\">Les mer<\/span>\n\t\t\t\t\t\t\t\t<span id=\"vismindre1\" class=\"vis-mindre\">Vis mindre<\/span>\n\t\t\t\t\t\t\t\t<svg class=\"\" x=\"0px\" y=\"0px\" width=\"64.964px\" height=\"45px\" viewBox=\"0 0 64.964 45\" enable-background=\"new 0 0 64.964 45\" xml:space=\"preserve\">\n\t\t\t\t\t\t\t\t<g data-name=\"Icon feather-arrow-right\" id=\"arrow1\" class=\"arrow\" fill=\"none\" stroke=\"#655F6C\" stroke-linecap=\"round\" stroke-linejoin=\"round\" stroke-width=\"3\">\n\t\t\t\t\t\t\t\t\t<path data-name=\"Path 1\" d=\"M13.121 1.5v22\"\/>\n\t\t\t\t\t\t\t\t\t<path data-name=\"Path 2\" d=\"M24.121 12.5l-11 11-11-11\"\/>\n\t\t\t\t\t\t\t\t\t<\/g>\n\t\t\t\t\t\t\t\t<\/svg>\n\t\t\t\t\t\t\t<\/button>\n\t\t\t\t\t\t<\/div>\n\t\t\t\t\t<\/div>\n\t\t\t\t<\/div>\n\t\t\t<\/div>\n\t\t<\/div>\n\t<\/div>\n<\/section><\/div><\/div>\n\n\n\n<div class=\"wp-block-group alignfull has-background\" style=\"background-color:#ebe2d4\"><div class=\"wp-block-group__inner-container is-layout-constrained wp-block-group-is-layout-constrained\">\n<div class=\"wp-block-columns alignfull mb-0 pl-3 pr-3 pb-0 caption-has-transparent-bg is-layout-flex wp-container-core-columns-is-layout-9d6595d7 wp-block-columns-is-layout-flex\">\n<div class=\"wp-block-column is-layout-flow wp-block-column-is-layout-flow\" style=\"flex-basis:50%\">\n<section>\n <div class=\"row no-gutters\">\n\t <div class=\"col-sm-12 text-center\">\n\t\t<div class=\"endToEnd\">\n\t\t\t<img decoding=\"async\" src=\"https:\/\/jatunbakken.no\/rekkehus\/wp-content\/uploads\/2024\/03\/e049e_ensign_jatunbakken4_3rd_building_EXT03__web.jpg\" alt=\"\" class=\"img-fluid\">\n\t\t\t\t\t\t<div class=\"bottom-content\">\n              <p class=\"threed-disclaimer\">\n\t\t\t\t3D-illustrasjonen kan vise elementer og materialer som ikke er en del av standardleveransen. Avvik kan forekomme i fasadeuttrykk og uteomr\u00e5de, se egen utomhusplan.\t\t\t  <\/p>\n\t\t\t<\/div>\n\t\t\t\t\t<\/div> \n\t <\/div>\n <\/div>\n<\/section><\/div>\n\n\n\n<div class=\"wp-block-column is-layout-flow wp-block-column-is-layout-flow\" style=\"flex-basis:50%\">\n<section>\n <div class=\"row no-gutters\">\n\t <div class=\"col-sm-12 text-center\">\n\t\t<div class=\"endToEnd\">\n\t\t\t<img decoding=\"async\" src=\"https:\/\/jatunbakken.no\/rekkehus\/wp-content\/uploads\/2024\/03\/e049e_ensign_jatunbakken4_3rd_building_EXT04__web.jpg\" alt=\"\" class=\"img-fluid\">\n\t\t\t\t\t\t<div class=\"bottom-content\">\n              <p class=\"threed-disclaimer\">\n\t\t\t\t3D-illustrasjonen kan vise elementer og materialer som ikke er en del av standardleveransen. Avvik kan forekomme i fasadeuttrykk og uteomr\u00e5de, se egen utomhusplan.\t\t\t  <\/p>\n\t\t\t<\/div>\n\t\t\t\t\t<\/div> \n\t <\/div>\n <\/div>\n<\/section><\/div>\n<\/div>\n\n\n\n<div class=\"wp-block-columns alignfull mb-0 pb-3 pl-3 pr-3 caption-has-transparent-bg is-layout-flex wp-container-core-columns-is-layout-9d6595d7 wp-block-columns-is-layout-flex\">\n<div class=\"wp-block-column is-layout-flow wp-block-column-is-layout-flow\" style=\"flex-basis:50%\">\n<section>\n <div class=\"row no-gutters\">\n\t <div class=\"col-sm-12 text-center\">\n\t\t<div class=\"endToEnd\">\n\t\t\t<img decoding=\"async\" src=\"https:\/\/jatunbakken.no\/rekkehus\/wp-content\/uploads\/2024\/03\/e049e_ensign_jatunbakken4_3rd_building__B5_LivingKitchen_final_web.jpg\" alt=\"\" class=\"img-fluid\">\n\t\t\t\t\t\t<div class=\"bottom-content\">\n              <p class=\"threed-disclaimer\">\n\t\t\t\t3D-illustrasjonen kan vise elementer og materialer som ikke er en del av standardleveransen. Avvik kan forekomme i fasadeuttrykk og uteomr\u00e5de, se egen utomhusplan.\t\t\t  <\/p>\n\t\t\t<\/div>\n\t\t\t\t\t<\/div> \n\t <\/div>\n <\/div>\n<\/section><\/div>\n\n\n\n<div class=\"wp-block-column is-layout-flow wp-block-column-is-layout-flow\" style=\"flex-basis:50%\">\n<section>\n <div class=\"row no-gutters\">\n\t <div class=\"col-sm-12 text-center\">\n\t\t<div class=\"endToEnd\">\n\t\t\t<img decoding=\"async\" src=\"https:\/\/jatunbakken.no\/rekkehus\/wp-content\/uploads\/2024\/03\/e049e_ensign_jatunbakken4_3rd_building_B3B4_Soveroom-2__web.jpg\" alt=\"\" class=\"img-fluid\">\n\t\t\t\t\t\t<div class=\"bottom-content\">\n              <p class=\"threed-disclaimer\">\n\t\t\t\t3D-illustrasjonen kan vise elementer og materialer som ikke er en del av standardleveransen. Avvik kan forekomme i fasadeuttrykk og uteomr\u00e5de, se egen utomhusplan.\t\t\t  <\/p>\n\t\t\t<\/div>\n\t\t\t\t\t<\/div> \n\t <\/div>\n <\/div>\n<\/section><\/div>\n<\/div>\n<\/div><\/div>\n\n\n\n<div class=\"wp-block-group has-white-color has-text-color has-background has-link-color wp-elements-e3d1a3cc89975c01b05f38ee46367592\" style=\"background-color:#5c403f\"><div class=\"wp-block-group__inner-container is-layout-constrained wp-block-group-is-layout-constrained\">\n<section class=\"pad-up pad-down\">\n\t<div class=\"container\">\n\t\t<div class=\"row align-items-center\">\n\t\t\t<div class=\"col-sm-5\">\n\t\t\t\t<div class=\"arkitekt-pic\">\n\t\t\t\t\t<img decoding=\"async\" src=\"https:\/\/jatunbakken.no\/rekkehus\/wp-content\/uploads\/2024\/03\/Skjermbilde-2024-03-18-kl.-07.27.29.png\" class=\"img-fluid rounded-circle\" alt=\"\">\n\t\t\t\t<\/div>\n\t\t\t<\/div>\n\t\t\t<div class=\"col-sm-7\">\n\t\t\t\t<div class=\"uttalelse-content-wrapper\">\n\t\t\t\t\t\t\t<blockquote class=\"blockquote\">\n\t\t\t\t\t\t\t<h3>&ldquo;\u2013 N\u00e5 kan du leve hele livet p\u00e5 J\u00e5tun! &rdquo;<\/h3>\n\t\t\t\t\t\t\t<div id=\"interview1\" class=\"full-statement\">\n\t\t\t\t\t\t\t <p>\u2013 Eneboliger i rekke, rekkehus og leiligheter i alle st\u00f8rrelser. Bredden i boligtyper gj\u00f8r at man kan bo hele livet i J\u00e5tunbakken. Kj\u00f8per du rekkehus her i dag, ligger alt til rette for et kortreist flyttelass til noe st\u00f8rre eller mindre den dagen du trenger det, sier prosjektutvikler i Base, Odd-Are Nj\u00e5. Livshjul-tanken har v\u00e6rt viktig siden dag \u00e9n i planleggingen av J\u00e5tunbakken og resten av J\u00e5tun. \u2013 B\u00e5de forskning og erfaring viser at et nabolag med boliger for mennesker i alle aldre, scorer h\u00f8yt p\u00e5 trivsel, trygghet og samhold. Den kunnskapen vil beboerne h\u00f8ste av her, smiler Odd-Are.<\/p>\n<p>Base har et stort fokus p\u00e5 gode fellesarealer i sine prosjekter. Det er viktig for \u00e5 bygge et godt og sosialt nabolag, men ogs\u00e5 for privat\u00f8konomien, forteller salgsansvarlig for J\u00e5tunbakken, Jeanette Tunge.<\/p>\n<p>\u2013 Sammenlign det du betaler for et rekkehus med fellesarealer i J\u00e5tunbakken opp mot prisen for en leilighet andre steder. Jeg er ganske sikker p\u00e5 at de som kj\u00f8per i J\u00e5tunbakken vil si at de kommer best ut, sier Jeanette, og utdyper: \u2013 Tenk bare p\u00e5 hva det betyr for st\u00f8rrelsen p\u00e5 l\u00e5n og \u00e5r med renteutgifter n\u00e5r du f\u00e5r fellesarealer som erstatter det ekstra soverommet. Det blir ikke rent lite. Det er mange gode grunner til \u00e5 velge J\u00e5tunbakken, b\u00e5de i dag og i \u00e5rene som kommer.<\/p>\n<div class=\"wp-block-buttons pt-4 is-horizontal is-content-justification-left is-layout-flex wp-container-core-buttons-layout-1 wp-block-buttons-is-layout-flex\" style=\"justify-content: flex-start!important;\">\n<div class=\"wp-block-button is-style-main-cta\"><a class=\"wp-block-button__link has-text-align-center wp-element-button\" href=\"https:\/\/jatun.no\/hva-kommer\/\" target=\"_blank\" rel=\"noreferrer noopener\">Se kart over hele J\u00e5tun-utbyggingen<\/a><\/div>\n<\/div>\n\t\t\t\t\t\t\t<\/div>\n\t\t\t\t\t\t\t<footer class=\"blockquote-footer\"><strong>Jeanette Tunge og Odd-Are Nj\u00e5<\/strong><br> <cite title=\"Source Title\">Base Bolig<\/cite><\/footer>\n\t\t\t\t\t\t\t<\/blockquote>\n\t\t\t\t\t\t\t<button id=\"button1\" class=\"link align-items-center\">\n\t\t\t\t\t\t\t\t<span id=\"vismer1\" class=\"vis-mer\">Les mer<\/span>\n\t\t\t\t\t\t\t\t<span id=\"vismindre1\" class=\"vis-mindre\">Vis mindre<\/span>\n\t\t\t\t\t\t\t\t<svg class=\"\" x=\"0px\" y=\"0px\" width=\"64.964px\" height=\"45px\" viewBox=\"0 0 64.964 45\" enable-background=\"new 0 0 64.964 45\" xml:space=\"preserve\">\n\t\t\t\t\t\t\t\t<g data-name=\"Icon feather-arrow-right\" id=\"arrow1\" class=\"arrow\" fill=\"none\" stroke=\"#655F6C\" stroke-linecap=\"round\" stroke-linejoin=\"round\" stroke-width=\"3\">\n\t\t\t\t\t\t\t\t\t<path data-name=\"Path 1\" d=\"M13.121 1.5v22\"\/>\n\t\t\t\t\t\t\t\t\t<path data-name=\"Path 2\" d=\"M24.121 12.5l-11 11-11-11\"\/>\n\t\t\t\t\t\t\t\t\t<\/g>\n\t\t\t\t\t\t\t\t<\/svg>\n\t\t\t\t\t\t\t<\/button>\n\t\t\t\t\t\t<\/div>\n\t\t\t\t\t<\/div>\n\t\t\t\t<\/div>\n\t\t\t<\/div>\n\t\t<\/div>\n\t<\/div>\n<\/section><\/div><\/div>\n\n\n\n<div class=\"wp-block-columns alignfull mb-0 pad-up pl-3 pr-3 caption-has-transparent-bg has-black-color has-text-color has-background has-link-color wp-elements-2d29f3f48120dbabadf3979509703122 is-layout-flex wp-container-core-columns-is-layout-9d6595d7 wp-block-columns-is-layout-flex\" style=\"background-color:#ebe2d4\">\n<div class=\"wp-block-column pad-down is-layout-flow wp-block-column-is-layout-flow\" style=\"flex-basis:50%\">\n<h5 class=\"wp-block-heading has-text-align-center\">Utomhusplan<\/h5>\n\n\n\n<div style=\"height:30px\" aria-hidden=\"true\" class=\"wp-block-spacer\"><\/div>\n\n\n\n<figure class=\"wp-block-image size-large\"><img loading=\"lazy\" decoding=\"async\" width=\"1024\" height=\"789\" src=\"https:\/\/jatunbakken.no\/rekkehus\/wp-content\/uploads\/2024\/03\/Skjermbilde-2024-03-19-kl.-14.57.02-1024x789.png\" alt=\"\" class=\"wp-image-5795\" srcset=\"https:\/\/jatunbakken.no\/rekkehus\/wp-content\/uploads\/2024\/03\/Skjermbilde-2024-03-19-kl.-14.57.02-1024x789.png 1024w, https:\/\/jatunbakken.no\/rekkehus\/wp-content\/uploads\/2024\/03\/Skjermbilde-2024-03-19-kl.-14.57.02-300x231.png 300w, https:\/\/jatunbakken.no\/rekkehus\/wp-content\/uploads\/2024\/03\/Skjermbilde-2024-03-19-kl.-14.57.02-768x592.png 768w, https:\/\/jatunbakken.no\/rekkehus\/wp-content\/uploads\/2024\/03\/Skjermbilde-2024-03-19-kl.-14.57.02.png 1422w\" sizes=\"auto, (max-width: 1024px) 100vw, 1024px\" \/><\/figure>\n<\/div>\n\n\n\n<div class=\"wp-block-column pad-down is-layout-flow wp-block-column-is-layout-flow\" style=\"flex-basis:50%\">\n<h5 class=\"wp-block-heading has-text-align-center\">B1 og B2 best\u00e5r av totalt sju eneboliger i rekke. B3 og B4 best\u00e5r av 11 rekkehus. B5 \u2013 8 rekkehus.<\/h5>\n\n\n\n<div style=\"height:30px\" aria-hidden=\"true\" class=\"wp-block-spacer\"><\/div>\n\n\n\n<figure class=\"wp-block-image size-large\"><img loading=\"lazy\" decoding=\"async\" width=\"1024\" height=\"694\" src=\"https:\/\/jatunbakken.no\/rekkehus\/wp-content\/uploads\/2024\/03\/Rekkehus_boligbenevnelse-1024x694.jpg\" alt=\"\" class=\"wp-image-5760\" srcset=\"https:\/\/jatunbakken.no\/rekkehus\/wp-content\/uploads\/2024\/03\/Rekkehus_boligbenevnelse-1024x694.jpg 1024w, https:\/\/jatunbakken.no\/rekkehus\/wp-content\/uploads\/2024\/03\/Rekkehus_boligbenevnelse-300x203.jpg 300w, https:\/\/jatunbakken.no\/rekkehus\/wp-content\/uploads\/2024\/03\/Rekkehus_boligbenevnelse-768x520.jpg 768w, https:\/\/jatunbakken.no\/rekkehus\/wp-content\/uploads\/2024\/03\/Rekkehus_boligbenevnelse-1536x1041.jpg 1536w, https:\/\/jatunbakken.no\/rekkehus\/wp-content\/uploads\/2024\/03\/Rekkehus_boligbenevnelse-2048x1388.jpg 2048w\" sizes=\"auto, (max-width: 1024px) 100vw, 1024px\" \/><\/figure>\n<\/div>\n<\/div>\n\n\n\n<section class=\"d-none d-sm-block\">\n <div class=\"full-height-bg\" style=\"background-image:url('https:\/\/jatunbakken.no\/rekkehus\/wp-content\/uploads\/2024\/03\/e049e_ensign_jatunbakken4_3rd_building_EXT02__web.jpg')\">\n  \n   \n\t\n <\/div>\n    <div class=\"bottom-content\">\n     <p class=\"threed-disclaimer\" style=\"text-align: center;\">3D-illustrasjonen kan vise elementer og materialer som ikke er en del av standardleveransen. Avvik kan forekomme i fasadeuttrykk og uteomr\u00e5de, se egen utomhusplan.<\/p>\n\t<\/div>\n\t<\/section>\n\n<section class=\"mobile d-block d-sm-none\">\n  <div class=\"row no-gutters\">\n    \n            \n\n            \n      <div class=\"col-sm-12\">\n        <img decoding=\"async\" class=\"img-fluid\" src=\"https:\/\/jatunbakken.no\/rekkehus\/wp-content\/uploads\/2024\/03\/e049e_ensign_jatunbakken4_3rd_building_EXT02__web.jpg\" alt=\"\">\n      <\/div>\n\n              <div class=\"col-sm-12 text-center\">\n          <div class=\"bottom-content\">\n            <p class=\"threed-disclaimer\" style=\"text-align: center;\">3D-illustrasjonen kan vise elementer og materialer som ikke er en del av standardleveransen. Avvik kan forekomme i fasadeuttrykk og uteomr\u00e5de, se egen utomhusplan.<\/p>\n          <\/div>\n        <\/div>\n      \n  <\/div>\n<\/section>\n\n\n<div class=\"wp-block-group\"><div class=\"wp-block-group__inner-container is-layout-constrained wp-block-group-is-layout-constrained\">\n<section class=\"pad-up pad-down\">\n\t<div class=\"container\">\n\t\t<div class=\"row align-items-center\">\n\t\t\t<div class=\"col-sm-5\">\n\t\t\t\t<div class=\"arkitekt-pic\">\n\t\t\t\t\t<img decoding=\"async\" src=\"https:\/\/jatunbakken.no\/rekkehus\/wp-content\/uploads\/2024\/03\/Jatunbakken_B4_eksterior_03_060324-web-1-scaled.jpg\" class=\"img-fluid rounded-circle\" alt=\"\">\n\t\t\t\t<\/div>\n\t\t\t<\/div>\n\t\t\t<div class=\"col-sm-7\">\n\t\t\t\t<div class=\"uttalelse-content-wrapper\">\n\t\t\t\t\t\t\t<blockquote class=\"blockquote\">\n\t\t\t\t\t\t\t<h3>Vi m\u00f8tes i felleshuset!<\/h3>\n\t\t\t\t\t\t\t<div id=\"interview1\" class=\"full-statement\">\n\t\t\t\t\t\t\t <p>J\u00e5tunbakken f\u00e5r flere gode m\u00f8testeder der beboerne kan samles til hverdagsmoro og fest \u2013 b\u00e5de tilfeldig og planlagt. Den kanskje viktigste arenaen tror vi blir felleshuset, som kommer i tunet mellom boligene og de to leilighetsbyggene. Dette huset planlegges med kj\u00f8kkenfasiliteter, wc, bodplass, sittegrupper og mer, slik at kommende beboere kan samles til strikkekvelder, julebakst eller vinsmaking \u2013 her blir det mange muligheter. Felleshuset kan selvsagt reserveres hvis man vil feire et jubileum eller invitere gode venner til \u00e5 nyte en fin sommerkveld p\u00e5 J\u00e5tun.<\/p>\n<p><strong>Fleksibel gjesteleilighet<\/strong><br \/>\nJ\u00e5tunbakken f\u00e5r en flott m\u00f8blert gjesteleilighet med kj\u00f8kkeninnredning og eget bad p\u00e5 bakkeplan i det ene leilighetsbygget (BB2). Denne leiligheten kan du leie n\u00e5r du f\u00e5r overnattingsbes\u00f8k, og da kan gjestene dine komme og g\u00e5 som de vil \u2013 uten \u00e5 vekke deg. Denne gjesteleiligheten kan med enkle grep endres til et allrom med spisebord eller m\u00f8terom for styret i sameiet. Kanskje du vil inviterte nye naboer til felles kveldsmat her?<\/p>\n\t\t\t\t\t\t\t<\/div>\n\t\t\t\t\t\t\t<footer class=\"blockquote-footer\"><strong>For en luksus med felleshus og fleksibel gjesteleilighet<\/strong><br> <cite title=\"Source Title\"><\/cite><\/footer>\n\t\t\t\t\t\t\t<\/blockquote>\n\t\t\t\t\t\t\t<button id=\"button1\" class=\"link align-items-center\">\n\t\t\t\t\t\t\t\t<span id=\"vismer1\" class=\"vis-mer\">Les mer<\/span>\n\t\t\t\t\t\t\t\t<span id=\"vismindre1\" class=\"vis-mindre\">Vis mindre<\/span>\n\t\t\t\t\t\t\t\t<svg class=\"\" x=\"0px\" y=\"0px\" width=\"64.964px\" height=\"45px\" viewBox=\"0 0 64.964 45\" enable-background=\"new 0 0 64.964 45\" xml:space=\"preserve\">\n\t\t\t\t\t\t\t\t<g data-name=\"Icon feather-arrow-right\" id=\"arrow1\" class=\"arrow\" fill=\"none\" stroke=\"#655F6C\" stroke-linecap=\"round\" stroke-linejoin=\"round\" stroke-width=\"3\">\n\t\t\t\t\t\t\t\t\t<path data-name=\"Path 1\" d=\"M13.121 1.5v22\"\/>\n\t\t\t\t\t\t\t\t\t<path data-name=\"Path 2\" d=\"M24.121 12.5l-11 11-11-11\"\/>\n\t\t\t\t\t\t\t\t\t<\/g>\n\t\t\t\t\t\t\t\t<\/svg>\n\t\t\t\t\t\t\t<\/button>\n\t\t\t\t\t\t<\/div>\n\t\t\t\t\t<\/div>\n\t\t\t\t<\/div>\n\t\t\t<\/div>\n\t\t<\/div>\n\t<\/div>\n<\/section><\/div><\/div>\n\n\n\n<div class=\"wp-block-group has-background\" style=\"background-color:#ebe2d4\"><div class=\"wp-block-group__inner-container is-layout-constrained wp-block-group-is-layout-constrained\">\n<section class=\"pad-up pad-down\">\n\t<div class=\"container\">\n\t\t<div class=\"row align-items-center\">\n\t\t\t<div class=\"col-sm-5\">\n\t\t\t\t<div class=\"arkitekt-pic\">\n\t\t\t\t\t<img decoding=\"async\" src=\"https:\/\/jatunbakken.no\/rekkehus\/wp-content\/uploads\/2024\/02\/2018_september_26_2018_september_26_MAYA4448_F-1-scaled.jpg\" class=\"img-fluid rounded-circle\" alt=\"\">\n\t\t\t\t<\/div>\n\t\t\t<\/div>\n\t\t\t<div class=\"col-sm-7\">\n\t\t\t\t<div class=\"uttalelse-content-wrapper\">\n\t\t\t\t\t\t\t<blockquote class=\"blockquote\">\n\t\t\t\t\t\t\t<h3>&ldquo;\u2013 Vi vil skape lune m\u00f8teplasser med gr\u00f8nn innramming.&rdquo;<\/h3>\n\t\t\t\t\t\t\t<div id=\"interview1\" class=\"full-statement\">\n\t\t\t\t\t\t\t <p>\u2013 For det f\u00f8rste er det viktig at dette arealet faktisk er stort nok til \u00e5 skape et ordentlig tun. Dermed har vi det beste utgangspunktet n\u00e5r vi lager de gode gr\u00f8ntomr\u00e5dene og m\u00f8teplassene som gj\u00f8r J\u00e5tunbakken til et sted for alle generasjoner, sier Silje. I hennes arbeid er det alltid viktig \u00e5 s\u00f8rge for l\u00f8sninger som gj\u00f8r at folk f\u00e5r lyst til \u00e5 v\u00e6re ute.<\/p>\n<p>\u2013 Felleshuset blir selvf\u00f8lgelig viktig, og derfor skal vi skape en fin, gr\u00f8nn innramming rundt den sonen. Her kommer ogs\u00e5 sittegrupper med solrik plassering. Like ved settes det opp dyrkningskasser som vi tror blir popul\u00e6re blant b\u00e5de barn og voksne. I naboprosjektet, Husene i Skogen, brukes slike kasser flittig, forteller Silje.<\/p>\n<p>Tunet f\u00e5r frodig og variert beplantning. Silje nevner rips, solb\u00e6r, markjordb\u00e6r, rabarbra, svartsurb\u00e6r og hylleblomster blant det som kan h\u00f8stes og spises.<\/p>\n<p>\u2013 Tradisjonelt sett har det alltid v\u00e6rt fokus p\u00e5 lekeplasser. Det har vi selvf\u00f8lgelig her ogs\u00e5, for det er ved sandlekeplasser mange naboer m\u00f8ter hverandre for f\u00f8rste gang. Her, med felleshus og m\u00f8teplasser fordelt i ulike soner med gr\u00f8nn innramming, h\u00e5per vi \u00e5 friste enda flere til \u00e5 m\u00f8tes utend\u00f8rs, smiler Silje.<\/p>\n\t\t\t\t\t\t\t<\/div>\n\t\t\t\t\t\t\t<footer class=\"blockquote-footer\"><strong>Silje Steinarsdatter Kjosavik<\/strong><br> <cite title=\"Source Title\">Landskapsarkitekt Asplan Viak<\/cite><\/footer>\n\t\t\t\t\t\t\t<\/blockquote>\n\t\t\t\t\t\t\t<button id=\"button1\" class=\"link align-items-center\">\n\t\t\t\t\t\t\t\t<span id=\"vismer1\" class=\"vis-mer\">Les mer<\/span>\n\t\t\t\t\t\t\t\t<span id=\"vismindre1\" class=\"vis-mindre\">Vis mindre<\/span>\n\t\t\t\t\t\t\t\t<svg class=\"\" x=\"0px\" y=\"0px\" width=\"64.964px\" height=\"45px\" viewBox=\"0 0 64.964 45\" enable-background=\"new 0 0 64.964 45\" xml:space=\"preserve\">\n\t\t\t\t\t\t\t\t<g data-name=\"Icon feather-arrow-right\" id=\"arrow1\" class=\"arrow\" fill=\"none\" stroke=\"#655F6C\" stroke-linecap=\"round\" stroke-linejoin=\"round\" stroke-width=\"3\">\n\t\t\t\t\t\t\t\t\t<path data-name=\"Path 1\" d=\"M13.121 1.5v22\"\/>\n\t\t\t\t\t\t\t\t\t<path data-name=\"Path 2\" d=\"M24.121 12.5l-11 11-11-11\"\/>\n\t\t\t\t\t\t\t\t\t<\/g>\n\t\t\t\t\t\t\t\t<\/svg>\n\t\t\t\t\t\t\t<\/button>\n\t\t\t\t\t\t<\/div>\n\t\t\t\t\t<\/div>\n\t\t\t\t<\/div>\n\t\t\t<\/div>\n\t\t<\/div>\n\t<\/div>\n<\/section><\/div><\/div>\n\n\n\n<div class=\"wp-block-group\"><div class=\"wp-block-group__inner-container is-layout-flow wp-block-group-is-layout-flow\">\n<section class=\"d-none d-sm-block\">\n <div class=\"full-height-bg\" style=\"background-image:url('https:\/\/jatunbakken.no\/rekkehus\/wp-content\/uploads\/2024\/03\/iStock-1460031290-scaled.jpg')\">\n  \n   \n\t\n <\/div>\n <\/section>\n\n<section class=\"mobile d-block d-sm-none\">\n  <div class=\"row no-gutters\">\n    \n            \n\n            \n      <div class=\"col-sm-12\">\n        <img decoding=\"async\" class=\"img-fluid\" src=\"https:\/\/jatunbakken.no\/rekkehus\/wp-content\/uploads\/2024\/03\/iStock-1460031290-scaled.jpg\" alt=\"\">\n      <\/div>\n\n      \n  <\/div>\n<\/section><\/div><\/div>\n\n\n\n<div class=\"wp-block-group\"><div class=\"wp-block-group__inner-container is-layout-constrained wp-block-group-is-layout-constrained\">\n<div class=\"wp-block-group has-white-color has-text-color has-background has-link-color wp-elements-ef2b4766ce684e6e202549a0abc98ba3\" style=\"background-color:#62877d\"><div class=\"wp-block-group__inner-container is-layout-constrained wp-block-group-is-layout-constrained\">\n<section class=\"pad-up pad-down\">\n\t<div class=\"row no-gutters align-items-center\">\n\t\t<div class=\"col-sm-6\">\n\t\t\t<img decoding=\"async\" src=\"https:\/\/jatunbakken.no\/rekkehus\/wp-content\/uploads\/2024\/03\/Skjermbilde-2024-03-19-kl.-15.27.19.png\" class=\"img-fluid\" alt=\"\">\n\t\t<\/div>\n\t\t<div class=\"col-sm-6\">\n\t\t  <div class=\"future-home-content\">\n            <h3><small>Ny tursti: <\/small><br \/>\nDen gr\u00f8nne ringen<\/h3>\n<p>Blant de attraktive kvalitetene som kommer p\u00e5 J\u00e5tun, er en helt ny tursti: Den gr\u00f8nne ringen. Denne omkranser hele J\u00e5tun og er planlagt med flere ballbaner og kvartalslekeplasser, gapahuk og naturlekeplass, hinderl\u00f8ype, treningsapparat og flere benker og gressplener til frilek, piknik og mer.<\/p>\n<p>Overordnet blir det en overgang fra det mer opparbeidede parkmessige mellom boligfeltene i \u00f8st til det eksisterende landskapet med \u00e5pne omr\u00e5der, jordbruk og god utsikt i h\u00f8yden i vest. Utformingen av ringen er derfor mer urban i \u00f8st og mer naturpreget i vest.<\/p>\n\t\t\t\t\t  <\/div>\t\n\t\t<\/div>\n\t<\/div>\n<\/section><\/div><\/div>\n<\/div><\/div>\n\n\n\n<div class=\"wp-block-group pt-3 pl-3 pr-3 has-background\" style=\"background-color:#ebe2d4\"><div class=\"wp-block-group__inner-container is-layout-constrained wp-block-group-is-layout-constrained\">\n<div class=\"wp-block-group caption-has-transparent-bg\"><div class=\"wp-block-group__inner-container is-layout-constrained wp-block-group-is-layout-constrained\">\n<section>\n <div class=\"row no-gutters\">\n\t <div class=\"col-sm-12 text-center\">\n\t\t<div class=\"endToEnd\">\n\t\t\t<img decoding=\"async\" src=\"https:\/\/jatunbakken.no\/rekkehus\/wp-content\/uploads\/2024\/03\/Kopi-av-Design-uten-navn-6.png\" alt=\"\" class=\"img-fluid\">\n\t\t\t\t\t<\/div> \n\t <\/div>\n <\/div>\n<\/section><\/div><\/div>\n\n\n\n<div class=\"wp-block-group pad-up pad-down\"><div class=\"wp-block-group__inner-container is-layout-flow wp-block-group-is-layout-flow\">\n<div class=\"wp-block-buttons container is-horizontal is-content-justification-center is-layout-flex wp-container-core-buttons-is-layout-499968f5 wp-block-buttons-is-layout-flex\">\n<div class=\"wp-block-button is-style-main-cta\"><a class=\"wp-block-button__link wp-element-button\" href=\"\/rekkehus\/velg-bolig\/\">Boligvelger &amp; pris<\/a><\/div>\n<\/div>\n<\/div><\/div>\n<\/div><\/div>\n","protected":false},"excerpt":{"rendered":"<p>3D-illustrasjonen kan vise elementer og materialer som ikke er en del av standardleveransen. Avvik kan forekomme i fasadeuttrykk og uteomr\u00e5de, se egen utomhusplan. Utomhusplan B1 og B2 best\u00e5r av totalt sju eneboliger i rekke. B3 og B4 best\u00e5r av 11 rekkehus. B5 \u2013 8 rekkehus.<\/p>\n","protected":false},"author":1,"featured_media":0,"parent":0,"menu_order":0,"comment_status":"closed","ping_status":"closed","template":"page-prosjekter.php","meta":{"_eb_attr":"","footnotes":""},"class_list":["post-37","page","type-page","status-publish","hentry"],"acf":[],"yoast_head":"<!-- This site is optimized with the Yoast SEO plugin v27.4 - https:\/\/yoast.com\/product\/yoast-seo-wordpress\/ -->\n<title>Om prosjektet - J\u00e5tunbakken<\/title>\n<meta name=\"robots\" content=\"index, follow, max-snippet:-1, max-image-preview:large, max-video-preview:-1\" \/>\n<link rel=\"canonical\" href=\"https:\/\/jatunbakken.no\/rekkehus\/om-prosjektet-2\/\" \/>\n<meta property=\"og:locale\" content=\"nb_NO\" \/>\n<meta property=\"og:type\" content=\"article\" \/>\n<meta property=\"og:title\" content=\"Om prosjektet - J\u00e5tunbakken\" \/>\n<meta property=\"og:description\" content=\"3D-illustrasjonen kan vise elementer og materialer som ikke er en del av standardleveransen. Avvik kan forekomme i fasadeuttrykk og uteomr\u00e5de, se egen utomhusplan. Utomhusplan B1 og B2 best\u00e5r av totalt sju eneboliger i rekke. B3 og B4 best\u00e5r av 11 rekkehus. B5 \u2013 8 rekkehus.\" \/>\n<meta property=\"og:url\" content=\"https:\/\/jatunbakken.no\/rekkehus\/om-prosjektet-2\/\" \/>\n<meta property=\"og:site_name\" content=\"J\u00e5tunbakken\" \/>\n<meta property=\"article:modified_time\" content=\"2025-01-14T12:01:50+00:00\" \/>\n<meta property=\"og:image\" content=\"https:\/\/jatunbakken.no\/rekkehus\/wp-content\/uploads\/2024\/03\/Skjermbilde-2024-03-19-kl.-14.57.02-1024x789.png\" \/>\n<meta name=\"twitter:card\" content=\"summary_large_image\" \/>\n<meta name=\"twitter:label1\" content=\"Ansl. lesetid\" \/>\n\t<meta name=\"twitter:data1\" content=\"1 minutt\" \/>\n<script type=\"application\/ld+json\" class=\"yoast-schema-graph\">{\"@context\":\"https:\\\/\\\/schema.org\",\"@graph\":[{\"@type\":\"WebPage\",\"@id\":\"https:\\\/\\\/jatunbakken.no\\\/rekkehus\\\/om-prosjektet-2\\\/\",\"url\":\"https:\\\/\\\/jatunbakken.no\\\/rekkehus\\\/om-prosjektet-2\\\/\",\"name\":\"Om prosjektet - J\u00e5tunbakken\",\"isPartOf\":{\"@id\":\"https:\\\/\\\/jatunbakken.no\\\/rekkehus\\\/#website\"},\"primaryImageOfPage\":{\"@id\":\"https:\\\/\\\/jatunbakken.no\\\/rekkehus\\\/om-prosjektet-2\\\/#primaryimage\"},\"image\":{\"@id\":\"https:\\\/\\\/jatunbakken.no\\\/rekkehus\\\/om-prosjektet-2\\\/#primaryimage\"},\"thumbnailUrl\":\"https:\\\/\\\/jatunbakken.no\\\/rekkehus\\\/wp-content\\\/uploads\\\/2024\\\/03\\\/Skjermbilde-2024-03-19-kl.-14.57.02-1024x789.png\",\"datePublished\":\"2021-09-10T09:27:46+00:00\",\"dateModified\":\"2025-01-14T12:01:50+00:00\",\"breadcrumb\":{\"@id\":\"https:\\\/\\\/jatunbakken.no\\\/rekkehus\\\/om-prosjektet-2\\\/#breadcrumb\"},\"inLanguage\":\"nb-NO\",\"potentialAction\":[{\"@type\":\"ReadAction\",\"target\":[\"https:\\\/\\\/jatunbakken.no\\\/rekkehus\\\/om-prosjektet-2\\\/\"]}]},{\"@type\":\"ImageObject\",\"inLanguage\":\"nb-NO\",\"@id\":\"https:\\\/\\\/jatunbakken.no\\\/rekkehus\\\/om-prosjektet-2\\\/#primaryimage\",\"url\":\"https:\\\/\\\/jatunbakken.no\\\/rekkehus\\\/wp-content\\\/uploads\\\/2024\\\/03\\\/Skjermbilde-2024-03-19-kl.-14.57.02.png\",\"contentUrl\":\"https:\\\/\\\/jatunbakken.no\\\/rekkehus\\\/wp-content\\\/uploads\\\/2024\\\/03\\\/Skjermbilde-2024-03-19-kl.-14.57.02.png\",\"width\":1422,\"height\":1096,\"caption\":\"Utomhusplan\"},{\"@type\":\"BreadcrumbList\",\"@id\":\"https:\\\/\\\/jatunbakken.no\\\/rekkehus\\\/om-prosjektet-2\\\/#breadcrumb\",\"itemListElement\":[{\"@type\":\"ListItem\",\"position\":1,\"name\":\"Hjem\",\"item\":\"https:\\\/\\\/jatunbakken.no\\\/rekkehus\\\/\"},{\"@type\":\"ListItem\",\"position\":2,\"name\":\"Om prosjektet\"}]},{\"@type\":\"WebSite\",\"@id\":\"https:\\\/\\\/jatunbakken.no\\\/rekkehus\\\/#website\",\"url\":\"https:\\\/\\\/jatunbakken.no\\\/rekkehus\\\/\",\"name\":\"J\u00e5tunbakken\",\"description\":\"Rekkehus p\u00e5 J\u00e5tt\u00e5\",\"publisher\":{\"@id\":\"https:\\\/\\\/jatunbakken.no\\\/rekkehus\\\/#organization\"},\"potentialAction\":[{\"@type\":\"SearchAction\",\"target\":{\"@type\":\"EntryPoint\",\"urlTemplate\":\"https:\\\/\\\/jatunbakken.no\\\/rekkehus\\\/?s={search_term_string}\"},\"query-input\":{\"@type\":\"PropertyValueSpecification\",\"valueRequired\":true,\"valueName\":\"search_term_string\"}}],\"inLanguage\":\"nb-NO\"},{\"@type\":\"Organization\",\"@id\":\"https:\\\/\\\/jatunbakken.no\\\/rekkehus\\\/#organization\",\"name\":\"J\u00e5tunbakken\",\"url\":\"https:\\\/\\\/jatunbakken.no\\\/rekkehus\\\/\",\"logo\":{\"@type\":\"ImageObject\",\"inLanguage\":\"nb-NO\",\"@id\":\"https:\\\/\\\/jatunbakken.no\\\/rekkehus\\\/#\\\/schema\\\/logo\\\/image\\\/\",\"url\":\"https:\\\/\\\/jatunbakken.no\\\/rekkehus\\\/wp-content\\\/uploads\\\/2024\\\/02\\\/logo-white.svg\",\"contentUrl\":\"https:\\\/\\\/jatunbakken.no\\\/rekkehus\\\/wp-content\\\/uploads\\\/2024\\\/02\\\/logo-white.svg\",\"width\":1467,\"height\":837,\"caption\":\"J\u00e5tunbakken\"},\"image\":{\"@id\":\"https:\\\/\\\/jatunbakken.no\\\/rekkehus\\\/#\\\/schema\\\/logo\\\/image\\\/\"}}]}<\/script>\n<!-- \/ Yoast SEO plugin. -->","yoast_head_json":{"title":"Om prosjektet - J\u00e5tunbakken","robots":{"index":"index","follow":"follow","max-snippet":"max-snippet:-1","max-image-preview":"max-image-preview:large","max-video-preview":"max-video-preview:-1"},"canonical":"https:\/\/jatunbakken.no\/rekkehus\/om-prosjektet-2\/","og_locale":"nb_NO","og_type":"article","og_title":"Om prosjektet - J\u00e5tunbakken","og_description":"3D-illustrasjonen kan vise elementer og materialer som ikke er en del av standardleveransen. Avvik kan forekomme i fasadeuttrykk og uteomr\u00e5de, se egen utomhusplan. Utomhusplan B1 og B2 best\u00e5r av totalt sju eneboliger i rekke. B3 og B4 best\u00e5r av 11 rekkehus. B5 \u2013 8 rekkehus.","og_url":"https:\/\/jatunbakken.no\/rekkehus\/om-prosjektet-2\/","og_site_name":"J\u00e5tunbakken","article_modified_time":"2025-01-14T12:01:50+00:00","og_image":[{"url":"https:\/\/jatunbakken.no\/rekkehus\/wp-content\/uploads\/2024\/03\/Skjermbilde-2024-03-19-kl.-14.57.02-1024x789.png","type":"","width":"","height":""}],"twitter_card":"summary_large_image","twitter_misc":{"Ansl. lesetid":"1 minutt"},"schema":{"@context":"https:\/\/schema.org","@graph":[{"@type":"WebPage","@id":"https:\/\/jatunbakken.no\/rekkehus\/om-prosjektet-2\/","url":"https:\/\/jatunbakken.no\/rekkehus\/om-prosjektet-2\/","name":"Om prosjektet - J\u00e5tunbakken","isPartOf":{"@id":"https:\/\/jatunbakken.no\/rekkehus\/#website"},"primaryImageOfPage":{"@id":"https:\/\/jatunbakken.no\/rekkehus\/om-prosjektet-2\/#primaryimage"},"image":{"@id":"https:\/\/jatunbakken.no\/rekkehus\/om-prosjektet-2\/#primaryimage"},"thumbnailUrl":"https:\/\/jatunbakken.no\/rekkehus\/wp-content\/uploads\/2024\/03\/Skjermbilde-2024-03-19-kl.-14.57.02-1024x789.png","datePublished":"2021-09-10T09:27:46+00:00","dateModified":"2025-01-14T12:01:50+00:00","breadcrumb":{"@id":"https:\/\/jatunbakken.no\/rekkehus\/om-prosjektet-2\/#breadcrumb"},"inLanguage":"nb-NO","potentialAction":[{"@type":"ReadAction","target":["https:\/\/jatunbakken.no\/rekkehus\/om-prosjektet-2\/"]}]},{"@type":"ImageObject","inLanguage":"nb-NO","@id":"https:\/\/jatunbakken.no\/rekkehus\/om-prosjektet-2\/#primaryimage","url":"https:\/\/jatunbakken.no\/rekkehus\/wp-content\/uploads\/2024\/03\/Skjermbilde-2024-03-19-kl.-14.57.02.png","contentUrl":"https:\/\/jatunbakken.no\/rekkehus\/wp-content\/uploads\/2024\/03\/Skjermbilde-2024-03-19-kl.-14.57.02.png","width":1422,"height":1096,"caption":"Utomhusplan"},{"@type":"BreadcrumbList","@id":"https:\/\/jatunbakken.no\/rekkehus\/om-prosjektet-2\/#breadcrumb","itemListElement":[{"@type":"ListItem","position":1,"name":"Hjem","item":"https:\/\/jatunbakken.no\/rekkehus\/"},{"@type":"ListItem","position":2,"name":"Om prosjektet"}]},{"@type":"WebSite","@id":"https:\/\/jatunbakken.no\/rekkehus\/#website","url":"https:\/\/jatunbakken.no\/rekkehus\/","name":"J\u00e5tunbakken","description":"Rekkehus p\u00e5 J\u00e5tt\u00e5","publisher":{"@id":"https:\/\/jatunbakken.no\/rekkehus\/#organization"},"potentialAction":[{"@type":"SearchAction","target":{"@type":"EntryPoint","urlTemplate":"https:\/\/jatunbakken.no\/rekkehus\/?s={search_term_string}"},"query-input":{"@type":"PropertyValueSpecification","valueRequired":true,"valueName":"search_term_string"}}],"inLanguage":"nb-NO"},{"@type":"Organization","@id":"https:\/\/jatunbakken.no\/rekkehus\/#organization","name":"J\u00e5tunbakken","url":"https:\/\/jatunbakken.no\/rekkehus\/","logo":{"@type":"ImageObject","inLanguage":"nb-NO","@id":"https:\/\/jatunbakken.no\/rekkehus\/#\/schema\/logo\/image\/","url":"https:\/\/jatunbakken.no\/rekkehus\/wp-content\/uploads\/2024\/02\/logo-white.svg","contentUrl":"https:\/\/jatunbakken.no\/rekkehus\/wp-content\/uploads\/2024\/02\/logo-white.svg","width":1467,"height":837,"caption":"J\u00e5tunbakken"},"image":{"@id":"https:\/\/jatunbakken.no\/rekkehus\/#\/schema\/logo\/image\/"}}]}},"_links":{"self":[{"href":"https:\/\/jatunbakken.no\/rekkehus\/wp-json\/wp\/v2\/pages\/37","targetHints":{"allow":["GET"]}}],"collection":[{"href":"https:\/\/jatunbakken.no\/rekkehus\/wp-json\/wp\/v2\/pages"}],"about":[{"href":"https:\/\/jatunbakken.no\/rekkehus\/wp-json\/wp\/v2\/types\/page"}],"author":[{"embeddable":true,"href":"https:\/\/jatunbakken.no\/rekkehus\/wp-json\/wp\/v2\/users\/1"}],"replies":[{"embeddable":true,"href":"https:\/\/jatunbakken.no\/rekkehus\/wp-json\/wp\/v2\/comments?post=37"}],"version-history":[{"count":297,"href":"https:\/\/jatunbakken.no\/rekkehus\/wp-json\/wp\/v2\/pages\/37\/revisions"}],"predecessor-version":[{"id":5997,"href":"https:\/\/jatunbakken.no\/rekkehus\/wp-json\/wp\/v2\/pages\/37\/revisions\/5997"}],"wp:attachment":[{"href":"https:\/\/jatunbakken.no\/rekkehus\/wp-json\/wp\/v2\/media?parent=37"}],"curies":[{"name":"wp","href":"https:\/\/api.w.org\/{rel}","templated":true}]}}